{"id":507,"date":"2022-02-22T18:27:01","date_gmt":"2022-02-22T17:27:01","guid":{"rendered":"https:\/\/elxverdaineta.es\/?page_id=507"},"modified":"2022-02-25T09:36:32","modified_gmt":"2022-02-25T08:36:32","slug":"paper-i-carto","status":"publish","type":"page","link":"https:\/\/elxverdaineta.es\/ca\/paper-i-carto\/","title":{"rendered":"Paper i cart\u00f3"},"content":{"rendered":"<div class=\"wpb-content-wrapper\"><p>[vc_row css_animation=&#8221;&#8221; row_type=&#8221;row&#8221; use_row_as_full_screen_section=&#8221;no&#8221; type=&#8221;grid&#8221; angled_section=&#8221;no&#8221; text_align=&#8221;left&#8221; background_image_as_pattern=&#8221;without_pattern&#8221; css=&#8221;.vc_custom_1645778190435{padding-top: 50px !important;padding-bottom: 50px !important;}&#8221; z_index=&#8221;&#8221;][vc_column][vc_column_text]<\/p>\n<h2>Contenidors blaus de paper i cart\u00f3<\/h2>\n<p>A Elx hi ha multitud de contenidors destinats a la recollida selectiva de paper i cart\u00f3 on els ciutadans poden depositar aquest tipus de residus per al seu posterior reciclatge.<\/p>\n<p>&nbsp;<\/p>\n<h2>Qu\u00e8 es fa amb el paper i cart\u00f3 recollit en els contenidors blaus?<\/h2>\n<p>El paper i cart\u00f3 recollit \u00e9s traslladat per l&#8217;equip d&#8217;Elx verda i neta a la planta de la partida de Vallongas on s&#8217;encarrega de la seua recepci\u00f3, verificaci\u00f3, control i posterior enviament a la paperera per a la fabricaci\u00f3 de diversos productes amb aquest material reciclat.<\/p>\n<p>&nbsp;<\/p>\n<h3>Proc\u00e9s de Fabricaci\u00f3<\/h3>\n<p>B\u00e0sicament per al proc\u00e9s de fabricaci\u00f3 de nous productes hi ha una part de cel\u00b7lulosa verge i una altra procedent de material reciclat. Les principals fases s\u00f3n les seg\u00fcents:<\/p>\n<ul>\n<li>Classificaci\u00f3, preparaci\u00f3 i embalatge del material recuperat.<\/li>\n<li>Operaci\u00f3 de polpat: el seu objectiu \u00e9s separar les fibres que cont\u00e9 el paper usat, sense trencar-les.<\/li>\n<li>Eliminaci\u00f3 de residus indesitjats: la pasta de paper es filtra per tamisos de diferents grand\u00e0ries per a separar pl\u00e0stics, filferros, terra, etc.<\/li>\n<li>Eliminaci\u00f3 de la tinta: s&#8217;elimina la tinta mitjan\u00e7ant sab\u00f3 i projectant aire a pressi\u00f3. L&#8217;aire i el sab\u00f3 formen pompes que pugen a la superf\u00edcie, on uns potents aspiradors recullen la mescla de tintes que tenia el paper usat.<\/li>\n<li>S&#8217;ajunta amb la pasta procedent de cel\u00b7lulosa verge de la fusta d&#8217;arbres plantats per a tal fi.<\/li>\n<li>Rentades i espessits successius: consisteix a anar reduint la quantitat d&#8217;aigua que t\u00e9 la pasta de paper<\/li>\n<li>M\u00e0quina de paper: el paper \u00e9s assecat per complet i s&#8217;obt\u00e9 una l\u00e0mina de paper consistent.<\/li>\n<\/ul>\n<p>[\/vc_column_text][\/vc_column][\/vc_row][vc_row css_animation=&#8221;&#8221; row_type=&#8221;row&#8221; use_row_as_full_screen_section=&#8221;no&#8221; type=&#8221;grid&#8221; angled_section=&#8221;no&#8221; text_align=&#8221;left&#8221; background_image_as_pattern=&#8221;without_pattern&#8221; css=&#8221;.vc_custom_1645172276326{padding-top: 50px !important;padding-bottom: 50px !important;}&#8221; z_index=&#8221;&#8221;][vc_column][vc_single_image image=&#8221;423&#8243; img_size=&#8221;full&#8221; alignment=&#8221;center&#8221; qode_css_animation=&#8221;&#8221;][\/vc_column][\/vc_row][vc_row css_animation=&#8221;&#8221; row_type=&#8221;row&#8221; use_row_as_full_screen_section=&#8221;no&#8221; type=&#8221;grid&#8221; angled_section=&#8221;no&#8221; text_align=&#8221;left&#8221; background_image_as_pattern=&#8221;without_pattern&#8221; css=&#8221;.vc_custom_1645438617882{padding-top: 50px !important;padding-bottom: 100px !important;}&#8221; z_index=&#8221;&#8221;][vc_column][vc_column_text]<\/p>\n<h3>Avantatges Mediambientals del reciclatge de paper<\/h3>\n<ul>\n<li>El reciclatge de paper i cart\u00f3 contribueix a reduir els abocadors i evita l&#8217;emissi\u00f3 de gasos d&#8217;efecte d&#8217;hivernacle causants del canvi clim\u00e0tic.<\/li>\n<li>En 2017 es van recollir quasi 4.400 tones de paper i cart\u00f3 que en volum equivalen a quasi 33 piscines ol\u00edmpiques d&#8217;estalvi d&#8217;espai en abocador.<\/li>\n<li>Per cada quilo de paper i cart\u00f3 que recollim per al seu reciclatge evitem l&#8217;emissi\u00f3 en abocador de 900 grams de CO\u2082. 150 kg de paper i cart\u00f3 equivalen a les emissions d&#8217;un viatge de 800 km en autom\u00f2bil.<\/li>\n<li>El paper i cart\u00f3 usat no \u00e9s fem, \u00e9s un recurs.<\/li>\n<li>Reciclant paper i cart\u00f3 s&#8217;aprofita al m\u00e0xim la fusta: un recurs natural, renovable i reciclable.<\/li>\n<li>El peri\u00f2dic que deposites hui en el contenidor blau ser\u00e0 el peri\u00f2dic que lliges la setmana que ve.<\/li>\n<li>Amb 1.000 kg. de paper i cart\u00f3 recollit selectivament es pot fabricar m\u00e9s de 5.000 peri\u00f2dics o m\u00e9s de 11.000 caixes de cereals de desdejuni.<\/li>\n<\/ul>\n<p>&nbsp;<\/p>\n<h3><\/h3>\n<h3>Sabies que\u2026?<\/h3>\n<p>\u2026. el paper es fabrica inicialment amb fibra de cel\u00b7lulosa de la fusta que es cultiva en plantacions forestals que s&#8217;estan cont\u00ednuament replantant i regenerant i s\u00f3n motor de l&#8217;economia rural. La fusta que la ind\u00fastria espanyola de la cel\u00b7lulosa i el paper utilitza com a mat\u00e8ria primera procedeix en un 97% de plantacions locals (d&#8217;esp\u00e8cies de pi i eucaliptus).<\/p>\n<p>\u2026. som el tercer pa\u00eds de la Uni\u00f3 Europea en superf\u00edcie forestal. El sector paperer a trav\u00e9s de ASPAPEL impulsa la gesti\u00f3 forestal sostenible d&#8217;aqueixes masses forestals i la seua certificaci\u00f3. Actualment est\u00e0 certificat el 55% del paper de fabricaci\u00f3 nacional del mercat, amb un creixement de huit punts percentuals respecte a l&#8217;any anterior.<\/p>\n<p>\u2026. el paper procedeix de la fusta i \u00e9s un material que posseeix bondats ambientals ja que \u00e9s natural, renovable i reciclable. Amb el reciclatge de paper es produeix tot un cicle d&#8217;aprofitament de la fibra de cel\u00b7lulosa. Per\u00f2 aquest cicle d&#8217;aprofitament necessita anar incorporant una certa quantitat de fibra verge per a mantindre&#8217;s en funcionament pel fet que la fibra es deteriora amb els successius usos. \u00c9s a dir, el paper no es pot reciclar il\u00b7limitadament. Es calcula que fins a 7 vegades. Per tant, \u00e9s necessari que coexistisquen totes dues fibres \u2013 la verge i la reciclada.<\/p>\n<p>&nbsp;<\/p>\n<h4><u>RECORDA<\/u><\/h4>\n<ul>\n<li>Reciclar paper i cart\u00f3 \u00e9s un gest senzill que ens beneficia a tots. Deposita els residus de paper i cart\u00f3 en el contenidor blau.<\/li>\n<li>Per a facilitar el treball de tots introdueix les caixes en el contenidor de cart\u00f3 plegades. Aix\u00ed facilitar\u00e0s el reciclatge de la resta de ciutadans<\/li>\n<li>No abandones fora del contenidor el paper i cart\u00f3.<\/li>\n<li>Evita que el paper i cart\u00f3 estiga mesclat amb pl\u00e0stics, fleixos o altres residus. Si transportes els residus de paper i cart\u00f3 en bosses de pl\u00e0stic una vegada buidat el paper i cart\u00f3 en el contenidor blau, deposita la bossa en el contenidor groc que tens al costat.<\/li>\n<\/ul>\n<p>[\/vc_column_text][\/vc_column][\/vc_row]<\/p>\n<\/div>","protected":false},"excerpt":{"rendered":"<p>[vc_row css_animation=&#8221;&#8221; row_type=&#8221;row&#8221; use_row_as_full_screen_section=&#8221;no&#8221; type=&#8221;grid&#8221; angled_section=&#8221;no&#8221; text_align=&#8221;left&#8221; background_image_as_pattern=&#8221;without_pattern&#8221; css=&#8221;.vc_custom_1645778190435{padding-top: 50px !important;padding-bottom: 50px !important;}&#8221; z_index=&#8221;&#8221;][vc_column][vc_column_text] Contenidors blaus de paper i cart\u00f3 A Elx hi ha multitud de contenidors destinats a la recollida selectiva de paper i cart\u00f3 on els ciutadans poden depositar aquest tipus de residus&#8230;<\/p>\n","protected":false},"author":1,"featured_media":0,"parent":0,"menu_order":0,"comment_status":"closed","ping_status":"closed","template":"full_width.php","meta":{"rs_blank_template":"","rs_page_bg_color":"","slide_template_v7":"","footnotes":""},"class_list":["post-507","page","type-page","status-publish","hentry"],"yoast_head":"<!-- This site is optimized with the Yoast SEO plugin v27.4 - https:\/\/yoast.com\/product\/yoast-seo-wordpress\/ -->\n<title>Paper i cart\u00f3 - Elx verda i neta<\/title>\n<meta name=\"robots\" content=\"index, follow, max-snippet:-1, max-image-preview:large, max-video-preview:-1\" \/>\n<link rel=\"canonical\" href=\"https:\/\/elxverdaineta.es\/ca\/paper-i-carto\/\" \/>\n<meta property=\"og:locale\" content=\"ca_ES\" \/>\n<meta property=\"og:type\" content=\"article\" \/>\n<meta property=\"og:title\" content=\"Paper i cart\u00f3 - Elx verda i neta\" \/>\n<meta property=\"og:description\" content=\"[vc_row css_animation=&#8221;&#8221; row_type=&#8221;row&#8221; use_row_as_full_screen_section=&#8221;no&#8221; type=&#8221;grid&#8221; angled_section=&#8221;no&#8221; text_align=&#8221;left&#8221; background_image_as_pattern=&#8221;without_pattern&#8221; css=&#8221;.vc_custom_1645778190435{padding-top: 50px !important;padding-bottom: 50px !important;}&#8221; z_index=&#8221;&#8221;][vc_column][vc_column_text] Contenidors blaus de paper i cart\u00f3 A Elx hi ha multitud de contenidors destinats a la recollida selectiva de paper i cart\u00f3 on els ciutadans poden depositar aquest tipus de residus...\" \/>\n<meta property=\"og:url\" content=\"https:\/\/elxverdaineta.es\/ca\/paper-i-carto\/\" \/>\n<meta property=\"og:site_name\" content=\"Elx verda i neta\" \/>\n<meta property=\"article:publisher\" content=\"https:\/\/www.facebook.com\/elxverdaineta\/\" \/>\n<meta property=\"article:modified_time\" content=\"2022-02-25T08:36:32+00:00\" \/>\n<meta name=\"twitter:card\" content=\"summary_large_image\" \/>\n<meta name=\"twitter:site\" content=\"@elxverdaineta\" \/>\n<meta name=\"twitter:label1\" content=\"Temps estimat de lectura\" \/>\n\t<meta name=\"twitter:data1\" content=\"4 minuts\" \/>\n<script type=\"application\/ld+json\" class=\"yoast-schema-graph\">{\"@context\":\"https:\\\/\\\/schema.org\",\"@graph\":[{\"@type\":\"WebPage\",\"@id\":\"https:\\\/\\\/elxverdaineta.es\\\/ca\\\/paper-i-carto\\\/\",\"url\":\"https:\\\/\\\/elxverdaineta.es\\\/ca\\\/paper-i-carto\\\/\",\"name\":\"Paper i cart\u00f3 - Elx verda i neta\",\"isPartOf\":{\"@id\":\"https:\\\/\\\/elxverdaineta.es\\\/ca\\\/#website\"},\"datePublished\":\"2022-02-22T17:27:01+00:00\",\"dateModified\":\"2022-02-25T08:36:32+00:00\",\"breadcrumb\":{\"@id\":\"https:\\\/\\\/elxverdaineta.es\\\/ca\\\/paper-i-carto\\\/#breadcrumb\"},\"inLanguage\":\"ca\",\"potentialAction\":[{\"@type\":\"ReadAction\",\"target\":[\"https:\\\/\\\/elxverdaineta.es\\\/ca\\\/paper-i-carto\\\/\"]}]},{\"@type\":\"BreadcrumbList\",\"@id\":\"https:\\\/\\\/elxverdaineta.es\\\/ca\\\/paper-i-carto\\\/#breadcrumb\",\"itemListElement\":[{\"@type\":\"ListItem\",\"position\":1,\"name\":\"Inici\",\"item\":\"https:\\\/\\\/elxverdaineta.es\\\/ca\\\/\"},{\"@type\":\"ListItem\",\"position\":2,\"name\":\"Paper i cart\u00f3\"}]},{\"@type\":\"WebSite\",\"@id\":\"https:\\\/\\\/elxverdaineta.es\\\/ca\\\/#website\",\"url\":\"https:\\\/\\\/elxverdaineta.es\\\/ca\\\/\",\"name\":\"Elx verda i neta\",\"description\":\"\",\"publisher\":{\"@id\":\"https:\\\/\\\/elxverdaineta.es\\\/ca\\\/#organization\"},\"potentialAction\":[{\"@type\":\"SearchAction\",\"target\":{\"@type\":\"EntryPoint\",\"urlTemplate\":\"https:\\\/\\\/elxverdaineta.es\\\/ca\\\/?s={search_term_string}\"},\"query-input\":{\"@type\":\"PropertyValueSpecification\",\"valueRequired\":true,\"valueName\":\"search_term_string\"}}],\"inLanguage\":\"ca\"},{\"@type\":\"Organization\",\"@id\":\"https:\\\/\\\/elxverdaineta.es\\\/ca\\\/#organization\",\"name\":\"Elx verda i neta\",\"url\":\"https:\\\/\\\/elxverdaineta.es\\\/ca\\\/\",\"logo\":{\"@type\":\"ImageObject\",\"inLanguage\":\"ca\",\"@id\":\"https:\\\/\\\/elxverdaineta.es\\\/ca\\\/#\\\/schema\\\/logo\\\/image\\\/\",\"url\":\"https:\\\/\\\/elxverdaineta.es\\\/wp-content\\\/uploads\\\/2022\\\/01\\\/logo-elx-verda-i-neta.png\",\"contentUrl\":\"https:\\\/\\\/elxverdaineta.es\\\/wp-content\\\/uploads\\\/2022\\\/01\\\/logo-elx-verda-i-neta.png\",\"width\":359,\"height\":264,\"caption\":\"Elx verda i neta\"},\"image\":{\"@id\":\"https:\\\/\\\/elxverdaineta.es\\\/ca\\\/#\\\/schema\\\/logo\\\/image\\\/\"},\"sameAs\":[\"https:\\\/\\\/www.facebook.com\\\/elxverdaineta\\\/\",\"https:\\\/\\\/x.com\\\/elxverdaineta\"]}]}<\/script>\n<!-- \/ Yoast SEO plugin. -->","yoast_head_json":{"title":"Paper i cart\u00f3 - Elx verda i neta","robots":{"index":"index","follow":"follow","max-snippet":"max-snippet:-1","max-image-preview":"max-image-preview:large","max-video-preview":"max-video-preview:-1"},"canonical":"https:\/\/elxverdaineta.es\/ca\/paper-i-carto\/","og_locale":"ca_ES","og_type":"article","og_title":"Paper i cart\u00f3 - Elx verda i neta","og_description":"[vc_row css_animation=&#8221;&#8221; row_type=&#8221;row&#8221; use_row_as_full_screen_section=&#8221;no&#8221; type=&#8221;grid&#8221; angled_section=&#8221;no&#8221; text_align=&#8221;left&#8221; background_image_as_pattern=&#8221;without_pattern&#8221; css=&#8221;.vc_custom_1645778190435{padding-top: 50px !important;padding-bottom: 50px !important;}&#8221; z_index=&#8221;&#8221;][vc_column][vc_column_text] Contenidors blaus de paper i cart\u00f3 A Elx hi ha multitud de contenidors destinats a la recollida selectiva de paper i cart\u00f3 on els ciutadans poden depositar aquest tipus de residus...","og_url":"https:\/\/elxverdaineta.es\/ca\/paper-i-carto\/","og_site_name":"Elx verda i neta","article_publisher":"https:\/\/www.facebook.com\/elxverdaineta\/","article_modified_time":"2022-02-25T08:36:32+00:00","twitter_card":"summary_large_image","twitter_site":"@elxverdaineta","twitter_misc":{"Temps estimat de lectura":"4 minuts"},"schema":{"@context":"https:\/\/schema.org","@graph":[{"@type":"WebPage","@id":"https:\/\/elxverdaineta.es\/ca\/paper-i-carto\/","url":"https:\/\/elxverdaineta.es\/ca\/paper-i-carto\/","name":"Paper i cart\u00f3 - Elx verda i neta","isPartOf":{"@id":"https:\/\/elxverdaineta.es\/ca\/#website"},"datePublished":"2022-02-22T17:27:01+00:00","dateModified":"2022-02-25T08:36:32+00:00","breadcrumb":{"@id":"https:\/\/elxverdaineta.es\/ca\/paper-i-carto\/#breadcrumb"},"inLanguage":"ca","potentialAction":[{"@type":"ReadAction","target":["https:\/\/elxverdaineta.es\/ca\/paper-i-carto\/"]}]},{"@type":"BreadcrumbList","@id":"https:\/\/elxverdaineta.es\/ca\/paper-i-carto\/#breadcrumb","itemListElement":[{"@type":"ListItem","position":1,"name":"Inici","item":"https:\/\/elxverdaineta.es\/ca\/"},{"@type":"ListItem","position":2,"name":"Paper i cart\u00f3"}]},{"@type":"WebSite","@id":"https:\/\/elxverdaineta.es\/ca\/#website","url":"https:\/\/elxverdaineta.es\/ca\/","name":"Elx verda i neta","description":"","publisher":{"@id":"https:\/\/elxverdaineta.es\/ca\/#organization"},"potentialAction":[{"@type":"SearchAction","target":{"@type":"EntryPoint","urlTemplate":"https:\/\/elxverdaineta.es\/ca\/?s={search_term_string}"},"query-input":{"@type":"PropertyValueSpecification","valueRequired":true,"valueName":"search_term_string"}}],"inLanguage":"ca"},{"@type":"Organization","@id":"https:\/\/elxverdaineta.es\/ca\/#organization","name":"Elx verda i neta","url":"https:\/\/elxverdaineta.es\/ca\/","logo":{"@type":"ImageObject","inLanguage":"ca","@id":"https:\/\/elxverdaineta.es\/ca\/#\/schema\/logo\/image\/","url":"https:\/\/elxverdaineta.es\/wp-content\/uploads\/2022\/01\/logo-elx-verda-i-neta.png","contentUrl":"https:\/\/elxverdaineta.es\/wp-content\/uploads\/2022\/01\/logo-elx-verda-i-neta.png","width":359,"height":264,"caption":"Elx verda i neta"},"image":{"@id":"https:\/\/elxverdaineta.es\/ca\/#\/schema\/logo\/image\/"},"sameAs":["https:\/\/www.facebook.com\/elxverdaineta\/","https:\/\/x.com\/elxverdaineta"]}]}},"_links":{"self":[{"href":"https:\/\/elxverdaineta.es\/ca\/wp-json\/wp\/v2\/pages\/507","targetHints":{"allow":["GET"]}}],"collection":[{"href":"https:\/\/elxverdaineta.es\/ca\/wp-json\/wp\/v2\/pages"}],"about":[{"href":"https:\/\/elxverdaineta.es\/ca\/wp-json\/wp\/v2\/types\/page"}],"author":[{"embeddable":true,"href":"https:\/\/elxverdaineta.es\/ca\/wp-json\/wp\/v2\/users\/1"}],"replies":[{"embeddable":true,"href":"https:\/\/elxverdaineta.es\/ca\/wp-json\/wp\/v2\/comments?post=507"}],"version-history":[{"count":8,"href":"https:\/\/elxverdaineta.es\/ca\/wp-json\/wp\/v2\/pages\/507\/revisions"}],"predecessor-version":[{"id":763,"href":"https:\/\/elxverdaineta.es\/ca\/wp-json\/wp\/v2\/pages\/507\/revisions\/763"}],"wp:attachment":[{"href":"https:\/\/elxverdaineta.es\/ca\/wp-json\/wp\/v2\/media?parent=507"}],"curies":[{"name":"wp","href":"https:\/\/api.w.org\/{rel}","templated":true}]}}