{"id":478,"date":"2022-02-22T17:40:39","date_gmt":"2022-02-22T16:40:39","guid":{"rendered":"https:\/\/elxverdaineta.es\/?page_id=478"},"modified":"2022-02-24T16:13:56","modified_gmt":"2022-02-24T15:13:56","slug":"punts-nets-mobils","status":"publish","type":"page","link":"https:\/\/elxverdaineta.es\/ca\/punts-nets-mobils\/","title":{"rendered":"Punts nets m\u00f2bils"},"content":{"rendered":"<div class=\"wpb-content-wrapper\"><p>[vc_row css_animation=&#8221;&#8221; row_type=&#8221;row&#8221; use_row_as_full_screen_section=&#8221;no&#8221; type=&#8221;grid&#8221; angled_section=&#8221;no&#8221; text_align=&#8221;left&#8221; background_image_as_pattern=&#8221;without_pattern&#8221; z_index=&#8221;&#8221; css=&#8221;.vc_custom_1645715594338{padding-top: 50px !important;}&#8221;][vc_column width=&#8221;1\/2&#8243; css=&#8221;.vc_custom_1645715599856{margin-top: 50px !important;}&#8221;][vc_column_text]<\/p>\n<table>\n<tbody>\n<tr>\n<td>DIA<\/td>\n<td>09:00 &#8211; 11:15<\/td>\n<td>11:45 &#8211; 14:00<\/td>\n<\/tr>\n<tr>\n<td>DILLUNS<\/td>\n<td>\n<p>ELS BASSARS<\/p>\n<p>Carrer Clot de Galvany (parada Bibliobus)<\/td>\n<td>\n<p>VALLVERDA<\/p>\n<p>Parada Bibliobus<\/td>\n<\/tr>\n<tr>\n<td>DIMARTS<\/td>\n<td>\n<p>PLA\u00c7A MADRID<\/p>\n<p>Carrer Jos\u00e9 G\u00aa Fern\u00e1ndez, 14<\/td>\n<td>\n<p>PLA\u00c7A BARCELONA<\/p>\n<p>Carrer Mario Pastor Sempere, 41<\/td>\n<\/tr>\n<tr>\n<td>DIMECRES<\/td>\n<td>\n<p>L&#8217;ALTET<\/p>\n<p>Avda. San Francesc d&#8217;Ass\u00eds<\/td>\n<td>\n<p>ARENALS DEL SOL<\/p>\n<p>Carrer Illes Can\u00e0ries, 3 (darrere OMAC)<\/td>\n<\/tr>\n<tr>\n<td>DIJOUS<\/td>\n<td>\n<p>LA FOIA<\/p>\n<p>Avda. Sant Antoni de<\/p>\n<p>P\u00e0dua<\/td>\n<td>\n<p>LA MARINA<\/p>\n<p>Avda. de l&#8217;Alegria, 63<\/td>\n<\/tr>\n<tr>\n<td>DIVENDRES<\/td>\n<td>\n<p>TORRELLANO<\/p>\n<p>Carrer de la Pur\u00edssima, 54<\/p>\n<p>&nbsp;<\/td>\n<td>\n<p>LLOTJA D&#8217;ALTABIX<\/p>\n<p>Carrer Felipe Moya, 12<\/p>\n<p>&nbsp;<\/td>\n<\/tr>\n<tr>\n<td>DISSABTE<\/td>\n<td>\n<p>MERCAT DEL PLA<\/p>\n<p>Carrer Torres Quevedo, 113<\/td>\n<td>\n<p>VTE. BLASCO IB\u00c1\u00d1EZ<\/p>\n<p>Carrer Vicente Blasco Ib\u00e1\u00f1ez, 4<\/td>\n<\/tr>\n<\/tbody>\n<\/table>\n<p>[\/vc_column_text][\/vc_column][vc_column width=&#8221;1\/2&#8243; css=&#8221;.vc_custom_1645715470562{margin-top: 50px !important;}&#8221;][vc_column_text]<\/p>\n<table>\n<tbody>\n<tr>\n<td>DIA<\/td>\n<td>15:00 &#8211; 17:15<\/td>\n<td>17:45 &#8211; 20:00<\/td>\n<\/tr>\n<tr>\n<td>DILLUNS<\/td>\n<td>\n<p>ALTABIX \/ LA G\u00c0LIA<\/p>\n<p>Entre l&#8217;ermita i el col\u00b7legi de La G\u00e0lia<\/td>\n<td>\n<p>URB. BONAVISTA<\/p>\n<p>Carrer Onil (Club de Camp)<\/td>\n<\/tr>\n<tr>\n<td>DIMARTS<\/td>\n<td>\n<p>DAIM\u00c9S \/ DERRAMADOR<\/p>\n<p>Rotonda bar Maitino<\/td>\n<td>\n<p>LES BAIES<\/p>\n<p>Carrer Sant Andreu Ap\u00f2stol (Centre Social)<\/td>\n<\/tr>\n<tr>\n<td>DIMECRES<\/td>\n<td>\n<p>MATOLA<\/p>\n<p>Farm\u00e0cia<\/td>\n<td>\n<p>PENYA DE LES \u00c0GUILES<\/p>\n<p>Parc D. Balbino (Centre Social)<\/p>\n<p>&nbsp;<\/td>\n<\/tr>\n<tr>\n<td>DIJOUS<\/td>\n<td>\n<p>LES BAIES<\/p>\n<p>Carrer Sant Andreu Ap\u00f2stol<\/p>\n<p>(Centre Social)<\/td>\n<td>\n<p>MATOLA<\/p>\n<p>Farm\u00e0cia<\/td>\n<\/tr>\n<tr>\n<td>DIVENDRES<\/td>\n<td>\n<p>Pla de Sant Josep<\/p>\n<p>Via de servici N-340 &#8211; Cam\u00ed<\/p>\n<p>Casilla Alta<\/td>\n<td>\n<p>PERLETA<\/p>\n<p>Carrer Casino Dur\u00e1 (Centre<\/p>\n<p>Social)<\/td>\n<\/tr>\n<tr>\n<td>DISSABTE<\/td>\n<td>\n<p>L&#8217;ALTET<\/p>\n<p>Avda. Dama d&#8217;Elx (Centre Salut)<\/td>\n<td>\n<p>TORRELLANO<\/p>\n<p>Carrer de la Pur\u00edssima, 54<\/td>\n<\/tr>\n<\/tbody>\n<\/table>\n<p>[\/vc_column_text][\/vc_column][\/vc_row][vc_row css_animation=&#8221;&#8221; row_type=&#8221;row&#8221; use_row_as_full_screen_section=&#8221;no&#8221; type=&#8221;grid&#8221; angled_section=&#8221;no&#8221; text_align=&#8221;left&#8221; background_image_as_pattern=&#8221;without_pattern&#8221; css=&#8221;.vc_custom_1645715562803{padding-top: 50px !important;padding-bottom: 50px !important;}&#8221; z_index=&#8221;&#8221;][vc_column width=&#8221;1\/2&#8243; css=&#8221;.vc_custom_1645715546246{margin-top: 50px !important;}&#8221;][vc_column_text]<\/p>\n<h4 class=\"text-center\">Preav\u00eds de recollida gratu\u00efta d&#8217;estris<\/h4>\n<p>&nbsp;<\/p>\n<h4 class=\"text-center\"><a href=\"tel:0034966678820\"><i class=\"qode_icon_font_awesome fa fa-phone\" style=\"color: #adc90f; font-size: 25px; margin-right: 10px;\"><\/i>96 667 88 20<\/a><\/h4>\n<p>[\/vc_column_text][\/vc_column][vc_column width=&#8221;1\/2&#8243; css=&#8221;.vc_custom_1645715570244{margin-top: 50px !important;}&#8221;][vc_column_text]<\/p>\n<h4 class=\"text-center\">Whatsapp per a incid\u00e8ncies de neteja<\/h4>\n<p>&nbsp;<\/p>\n<h4 class=\"text-center\"><a href=\"https:\/\/api.whatsapp.com\/send?phone=34680363774&amp;text=\"><i class=\"qode_icon_font_awesome fa fa-whatsapp\" style=\"color: #adc90f; font-size: 25px; margin-right: 10px;\"><\/i>680 363 774<\/a><\/h4>\n<p>[\/vc_column_text][\/vc_column][\/vc_row][vc_row css_animation=&#8221;&#8221; row_type=&#8221;row&#8221; use_row_as_full_screen_section=&#8221;no&#8221; type=&#8221;grid&#8221; angled_section=&#8221;no&#8221; text_align=&#8221;left&#8221; background_image_as_pattern=&#8221;without_pattern&#8221; css=&#8221;.vc_custom_1645025115326{padding-top: 50px !important;padding-bottom: 100px !important;}&#8221; z_index=&#8221;&#8221;][vc_column width=&#8221;1\/3&#8243; css=&#8221;.vc_custom_1645025279816{margin-bottom: 50px !important;}&#8221;][vc_column_text]<\/p>\n<h3>PUNT NET DE PROXIMITAT<\/h3>\n<p>&nbsp;<\/p>\n<p>T\u00f2ners i cartutxos de tinta, radiografies, taps de pl\u00e0stic, pots d&#8217;aerosols, llibres i revistes, bombetes, tubs fluorescents, oli vegetal, piles, m\u00f2bils, cintes de v\u00eddeo, xicotets electrodom\u00e8stics RAEE, CD i c\u00e0psules de caf\u00e9.<\/p>\n<p>&nbsp;<\/p>\n<p><strong>Carr\u00fas<\/strong>. Parc Francesc Cant\u00f3<\/p>\n<p><strong>El Pla<\/strong>. Mercat de Sant Josep<\/p>\n<p><strong>Altabix<\/strong>. Parc de Carmesina &#8211; Tirant lo Blanc<\/p>\n<p><strong>Torre del Pla<\/strong>. P\u00e7a. Antonio Cutillas<\/p>\n<p><strong>L&#8217;Altet<\/strong>. P\u00e7a. Major<\/p>\n<p><strong>Arenals del Sol<\/strong>. Av. San Bartolom\u00e9 de Tirajana, 59 (oficina de turisme)<\/p>\n<p><strong>La Foia<\/strong>. Parc Torre del Gall<\/p>\n<p><strong>Les Baies<\/strong>. Pla\u00e7a Primavera<\/p>\n<p><strong>La Marina<\/strong>. Av. de l&#8217;Alegria (P\u00e7a. l&#8217;Amistat)[\/vc_column_text][\/vc_column][vc_column width=&#8221;1\/3&#8243; css=&#8221;.vc_custom_1645025292760{margin-bottom: 50px !important;}&#8221;][vc_column_text]<\/p>\n<h3>MINIECOPARCS SOBRE REMOLC<\/h3>\n<p>&nbsp;<\/p>\n<p>T\u00f2ners i cartutxos de tinta, radiografies, taps de pl\u00e0stic, pots d&#8217;aerosols, llibres i revistes, bombetes, tubs fluorescents, oli vegetal, piles, m\u00f2bils, cintes de v\u00eddeo, xicotets electrodom\u00e8stics RAEE, CD i c\u00e0psules de caf\u00e9.<\/p>\n<p>&nbsp;<\/p>\n<p><strong>P\u00e7a. Barcelona<\/strong>. Av. Ausi\u00e0s March (dilluns i dissabte)<\/p>\n<p><strong>P\u00e7a. Madrid<\/strong>. Aparcament Ar\u00edstides Botella (dilluns i dissabte)<\/p>\n<p><strong>Altabix<\/strong>. c\/ Alginet (dimecres)<\/p>\n<p><strong>Cementeri Vell<\/strong>. Aparcament c\/Jacarilla (dijous)<\/p>\n<p><strong>Torrellano<\/strong>. c\/ Palmera (divendres)<\/p>\n<p><strong>Sant Ant\u00f3n<\/strong>. c\/ Fco. P\u00e9rez Campillo (dissabte)[\/vc_column_text][\/vc_column][vc_column width=&#8221;1\/3&#8243; css=&#8221;.vc_custom_1645025296800{margin-bottom: 50px !important;}&#8221;][vc_column_text]<\/p>\n<h3>MINIPUNT NET &#8211; MUPI<\/h3>\n<p>&nbsp;<\/p>\n<p>Cartutxos d&#8217;impressora, bombetes LED i de baix consum, piles i bateries, acumuladors, xicotets electrodom\u00e8stics RAEE i CD\/DVD<\/p>\n<p>&nbsp;<\/p>\n<p><strong>Intercanviador Elx &#8211; Carr\u00fas<\/strong>. Av. Llibertat, 47<\/p>\n<p><strong>Mercat Central<\/strong>. Av. Comunitat Valenciana, 19<\/p>\n<p><strong>Passeig Germanies<\/strong>. c\/ Mari\u00e0 Benlliure, 2 x Gabriel Mir\u00f3<\/p>\n<p><strong>Centre de Congressos<\/strong>.<\/p>\n<p><strong>Pla\u00e7a Castella<\/strong>. acc\u00e9s per c\/ Alfredo Mira Gran[\/vc_column_text][\/vc_column][\/vc_row]<\/p>\n<\/div>","protected":false},"excerpt":{"rendered":"<p>[vc_row css_animation=&#8221;&#8221; row_type=&#8221;row&#8221; use_row_as_full_screen_section=&#8221;no&#8221; type=&#8221;grid&#8221; angled_section=&#8221;no&#8221; text_align=&#8221;left&#8221; background_image_as_pattern=&#8221;without_pattern&#8221; z_index=&#8221;&#8221; css=&#8221;.vc_custom_1645715594338{padding-top: 50px !important;}&#8221;][vc_column width=&#8221;1\/2&#8243; css=&#8221;.vc_custom_1645715599856{margin-top: 50px !important;}&#8221;][vc_column_text] DIA 09:00 &#8211; 11:15 11:45 &#8211; 14:00 DILLUNS ELS BASSARS Carrer Clot de Galvany (parada Bibliobus) VALLVERDA Parada Bibliobus DIMARTS PLA\u00c7A MADRID Carrer Jos\u00e9 G\u00aa Fern\u00e1ndez, 14 PLA\u00c7A BARCELONA&#8230;<\/p>\n","protected":false},"author":1,"featured_media":0,"parent":0,"menu_order":0,"comment_status":"closed","ping_status":"closed","template":"full_width.php","meta":{"rs_blank_template":"","rs_page_bg_color":"","slide_template_v7":"","footnotes":""},"class_list":["post-478","page","type-page","status-publish","hentry"],"yoast_head":"<!-- This site is optimized with the Yoast SEO plugin v27.4 - https:\/\/yoast.com\/product\/yoast-seo-wordpress\/ -->\n<title>Punts nets m\u00f2bils - Elx verda i neta<\/title>\n<meta name=\"robots\" content=\"index, follow, max-snippet:-1, max-image-preview:large, max-video-preview:-1\" \/>\n<link rel=\"canonical\" href=\"https:\/\/elxverdaineta.es\/ca\/punts-nets-mobils\/\" \/>\n<meta property=\"og:locale\" content=\"ca_ES\" \/>\n<meta property=\"og:type\" content=\"article\" \/>\n<meta property=\"og:title\" content=\"Punts nets m\u00f2bils - Elx verda i neta\" \/>\n<meta property=\"og:description\" content=\"[vc_row css_animation=&#8221;&#8221; row_type=&#8221;row&#8221; use_row_as_full_screen_section=&#8221;no&#8221; type=&#8221;grid&#8221; angled_section=&#8221;no&#8221; text_align=&#8221;left&#8221; background_image_as_pattern=&#8221;without_pattern&#8221; z_index=&#8221;&#8221; css=&#8221;.vc_custom_1645715594338{padding-top: 50px !important;}&#8221;][vc_column width=&#8221;1\/2&#8243; css=&#8221;.vc_custom_1645715599856{margin-top: 50px !important;}&#8221;][vc_column_text] DIA 09:00 &#8211; 11:15 11:45 &#8211; 14:00 DILLUNS ELS BASSARS Carrer Clot de Galvany (parada Bibliobus) VALLVERDA Parada Bibliobus DIMARTS PLA\u00c7A MADRID Carrer Jos\u00e9 G\u00aa Fern\u00e1ndez, 14 PLA\u00c7A BARCELONA...\" \/>\n<meta property=\"og:url\" content=\"https:\/\/elxverdaineta.es\/ca\/punts-nets-mobils\/\" \/>\n<meta property=\"og:site_name\" content=\"Elx verda i neta\" \/>\n<meta property=\"article:publisher\" content=\"https:\/\/www.facebook.com\/elxverdaineta\/\" \/>\n<meta property=\"article:modified_time\" content=\"2022-02-24T15:13:56+00:00\" \/>\n<meta name=\"twitter:card\" content=\"summary_large_image\" \/>\n<meta name=\"twitter:site\" content=\"@elxverdaineta\" \/>\n<meta name=\"twitter:label1\" content=\"Temps estimat de lectura\" \/>\n\t<meta name=\"twitter:data1\" content=\"3 minuts\" \/>\n<script type=\"application\/ld+json\" class=\"yoast-schema-graph\">{\"@context\":\"https:\\\/\\\/schema.org\",\"@graph\":[{\"@type\":\"WebPage\",\"@id\":\"https:\\\/\\\/elxverdaineta.es\\\/ca\\\/punts-nets-mobils\\\/\",\"url\":\"https:\\\/\\\/elxverdaineta.es\\\/ca\\\/punts-nets-mobils\\\/\",\"name\":\"Punts nets m\u00f2bils - Elx verda i neta\",\"isPartOf\":{\"@id\":\"https:\\\/\\\/elxverdaineta.es\\\/ca\\\/#website\"},\"datePublished\":\"2022-02-22T16:40:39+00:00\",\"dateModified\":\"2022-02-24T15:13:56+00:00\",\"breadcrumb\":{\"@id\":\"https:\\\/\\\/elxverdaineta.es\\\/ca\\\/punts-nets-mobils\\\/#breadcrumb\"},\"inLanguage\":\"ca\",\"potentialAction\":[{\"@type\":\"ReadAction\",\"target\":[\"https:\\\/\\\/elxverdaineta.es\\\/ca\\\/punts-nets-mobils\\\/\"]}]},{\"@type\":\"BreadcrumbList\",\"@id\":\"https:\\\/\\\/elxverdaineta.es\\\/ca\\\/punts-nets-mobils\\\/#breadcrumb\",\"itemListElement\":[{\"@type\":\"ListItem\",\"position\":1,\"name\":\"Inici\",\"item\":\"https:\\\/\\\/elxverdaineta.es\\\/ca\\\/\"},{\"@type\":\"ListItem\",\"position\":2,\"name\":\"Punts nets m\u00f2bils\"}]},{\"@type\":\"WebSite\",\"@id\":\"https:\\\/\\\/elxverdaineta.es\\\/ca\\\/#website\",\"url\":\"https:\\\/\\\/elxverdaineta.es\\\/ca\\\/\",\"name\":\"Elx verda i neta\",\"description\":\"\",\"publisher\":{\"@id\":\"https:\\\/\\\/elxverdaineta.es\\\/ca\\\/#organization\"},\"potentialAction\":[{\"@type\":\"SearchAction\",\"target\":{\"@type\":\"EntryPoint\",\"urlTemplate\":\"https:\\\/\\\/elxverdaineta.es\\\/ca\\\/?s={search_term_string}\"},\"query-input\":{\"@type\":\"PropertyValueSpecification\",\"valueRequired\":true,\"valueName\":\"search_term_string\"}}],\"inLanguage\":\"ca\"},{\"@type\":\"Organization\",\"@id\":\"https:\\\/\\\/elxverdaineta.es\\\/ca\\\/#organization\",\"name\":\"Elx verda i neta\",\"url\":\"https:\\\/\\\/elxverdaineta.es\\\/ca\\\/\",\"logo\":{\"@type\":\"ImageObject\",\"inLanguage\":\"ca\",\"@id\":\"https:\\\/\\\/elxverdaineta.es\\\/ca\\\/#\\\/schema\\\/logo\\\/image\\\/\",\"url\":\"https:\\\/\\\/elxverdaineta.es\\\/wp-content\\\/uploads\\\/2022\\\/01\\\/logo-elx-verda-i-neta.png\",\"contentUrl\":\"https:\\\/\\\/elxverdaineta.es\\\/wp-content\\\/uploads\\\/2022\\\/01\\\/logo-elx-verda-i-neta.png\",\"width\":359,\"height\":264,\"caption\":\"Elx verda i neta\"},\"image\":{\"@id\":\"https:\\\/\\\/elxverdaineta.es\\\/ca\\\/#\\\/schema\\\/logo\\\/image\\\/\"},\"sameAs\":[\"https:\\\/\\\/www.facebook.com\\\/elxverdaineta\\\/\",\"https:\\\/\\\/x.com\\\/elxverdaineta\"]}]}<\/script>\n<!-- \/ Yoast SEO plugin. -->","yoast_head_json":{"title":"Punts nets m\u00f2bils - Elx verda i neta","robots":{"index":"index","follow":"follow","max-snippet":"max-snippet:-1","max-image-preview":"max-image-preview:large","max-video-preview":"max-video-preview:-1"},"canonical":"https:\/\/elxverdaineta.es\/ca\/punts-nets-mobils\/","og_locale":"ca_ES","og_type":"article","og_title":"Punts nets m\u00f2bils - Elx verda i neta","og_description":"[vc_row css_animation=&#8221;&#8221; row_type=&#8221;row&#8221; use_row_as_full_screen_section=&#8221;no&#8221; type=&#8221;grid&#8221; angled_section=&#8221;no&#8221; text_align=&#8221;left&#8221; background_image_as_pattern=&#8221;without_pattern&#8221; z_index=&#8221;&#8221; css=&#8221;.vc_custom_1645715594338{padding-top: 50px !important;}&#8221;][vc_column width=&#8221;1\/2&#8243; css=&#8221;.vc_custom_1645715599856{margin-top: 50px !important;}&#8221;][vc_column_text] DIA 09:00 &#8211; 11:15 11:45 &#8211; 14:00 DILLUNS ELS BASSARS Carrer Clot de Galvany (parada Bibliobus) VALLVERDA Parada Bibliobus DIMARTS PLA\u00c7A MADRID Carrer Jos\u00e9 G\u00aa Fern\u00e1ndez, 14 PLA\u00c7A BARCELONA...","og_url":"https:\/\/elxverdaineta.es\/ca\/punts-nets-mobils\/","og_site_name":"Elx verda i neta","article_publisher":"https:\/\/www.facebook.com\/elxverdaineta\/","article_modified_time":"2022-02-24T15:13:56+00:00","twitter_card":"summary_large_image","twitter_site":"@elxverdaineta","twitter_misc":{"Temps estimat de lectura":"3 minuts"},"schema":{"@context":"https:\/\/schema.org","@graph":[{"@type":"WebPage","@id":"https:\/\/elxverdaineta.es\/ca\/punts-nets-mobils\/","url":"https:\/\/elxverdaineta.es\/ca\/punts-nets-mobils\/","name":"Punts nets m\u00f2bils - Elx verda i neta","isPartOf":{"@id":"https:\/\/elxverdaineta.es\/ca\/#website"},"datePublished":"2022-02-22T16:40:39+00:00","dateModified":"2022-02-24T15:13:56+00:00","breadcrumb":{"@id":"https:\/\/elxverdaineta.es\/ca\/punts-nets-mobils\/#breadcrumb"},"inLanguage":"ca","potentialAction":[{"@type":"ReadAction","target":["https:\/\/elxverdaineta.es\/ca\/punts-nets-mobils\/"]}]},{"@type":"BreadcrumbList","@id":"https:\/\/elxverdaineta.es\/ca\/punts-nets-mobils\/#breadcrumb","itemListElement":[{"@type":"ListItem","position":1,"name":"Inici","item":"https:\/\/elxverdaineta.es\/ca\/"},{"@type":"ListItem","position":2,"name":"Punts nets m\u00f2bils"}]},{"@type":"WebSite","@id":"https:\/\/elxverdaineta.es\/ca\/#website","url":"https:\/\/elxverdaineta.es\/ca\/","name":"Elx verda i neta","description":"","publisher":{"@id":"https:\/\/elxverdaineta.es\/ca\/#organization"},"potentialAction":[{"@type":"SearchAction","target":{"@type":"EntryPoint","urlTemplate":"https:\/\/elxverdaineta.es\/ca\/?s={search_term_string}"},"query-input":{"@type":"PropertyValueSpecification","valueRequired":true,"valueName":"search_term_string"}}],"inLanguage":"ca"},{"@type":"Organization","@id":"https:\/\/elxverdaineta.es\/ca\/#organization","name":"Elx verda i neta","url":"https:\/\/elxverdaineta.es\/ca\/","logo":{"@type":"ImageObject","inLanguage":"ca","@id":"https:\/\/elxverdaineta.es\/ca\/#\/schema\/logo\/image\/","url":"https:\/\/elxverdaineta.es\/wp-content\/uploads\/2022\/01\/logo-elx-verda-i-neta.png","contentUrl":"https:\/\/elxverdaineta.es\/wp-content\/uploads\/2022\/01\/logo-elx-verda-i-neta.png","width":359,"height":264,"caption":"Elx verda i neta"},"image":{"@id":"https:\/\/elxverdaineta.es\/ca\/#\/schema\/logo\/image\/"},"sameAs":["https:\/\/www.facebook.com\/elxverdaineta\/","https:\/\/x.com\/elxverdaineta"]}]}},"_links":{"self":[{"href":"https:\/\/elxverdaineta.es\/ca\/wp-json\/wp\/v2\/pages\/478","targetHints":{"allow":["GET"]}}],"collection":[{"href":"https:\/\/elxverdaineta.es\/ca\/wp-json\/wp\/v2\/pages"}],"about":[{"href":"https:\/\/elxverdaineta.es\/ca\/wp-json\/wp\/v2\/types\/page"}],"author":[{"embeddable":true,"href":"https:\/\/elxverdaineta.es\/ca\/wp-json\/wp\/v2\/users\/1"}],"replies":[{"embeddable":true,"href":"https:\/\/elxverdaineta.es\/ca\/wp-json\/wp\/v2\/comments?post=478"}],"version-history":[{"count":8,"href":"https:\/\/elxverdaineta.es\/ca\/wp-json\/wp\/v2\/pages\/478\/revisions"}],"predecessor-version":[{"id":712,"href":"https:\/\/elxverdaineta.es\/ca\/wp-json\/wp\/v2\/pages\/478\/revisions\/712"}],"wp:attachment":[{"href":"https:\/\/elxverdaineta.es\/ca\/wp-json\/wp\/v2\/media?parent=478"}],"curies":[{"name":"wp","href":"https:\/\/api.w.org\/{rel}","templated":true}]}}