{"id":472,"date":"2022-02-22T17:12:23","date_gmt":"2022-02-22T16:12:23","guid":{"rendered":"https:\/\/elxverdaineta.es\/?page_id=472"},"modified":"2022-07-18T11:39:06","modified_gmt":"2022-07-18T10:39:06","slug":"inici","status":"publish","type":"page","link":"https:\/\/elxverdaineta.es\/ca\/","title":{"rendered":"Inici"},"content":{"rendered":"<div class=\"wpb-content-wrapper\"><p>[vc_row css_animation=&#8221;&#8221; row_type=&#8221;row&#8221; use_row_as_full_screen_section=&#8221;no&#8221; type=&#8221;grid&#8221; angled_section=&#8221;no&#8221; text_align=&#8221;left&#8221; background_image_as_pattern=&#8221;without_pattern&#8221; z_index=&#8221;&#8221; css=&#8221;.vc_custom_1642676688728{padding-top: 100px !important;padding-bottom: 100px !important;}&#8221;][vc_column]<div class=\"qode-blog-carousel-titled\" data-posts-shown=\"5\">\n\t<div class=\"qode-bct-title-holder\" style=\"background-color:#ffffff;color:#004987\">\n\t\t<a class=\"qode-bct-caroufredsel-prev\" href=\"#\">\n\t\t\t<span class=\"qode-bct-caroufredsel-nav-inner\">\n\t\t\t\t<span class=\"qode-bct-caroufredsel-nav-icon-holder\">\n\t\t\t\t\t<span class=\"arrow_carrot-left\"><\/span>\n\t\t\t\t<\/span>\n\t\t\t<\/span>\n\t\t<\/a>\n\t\t\t\t\t\t\t\t<h2>\n\t\t\t\t\t\tNot\u00edcies\t\t\t\t\t<\/h2>\n\t\t\t\t<a class=\"qode-bct-caroufredsel-next\" href=\"#\">\n\t\t<span class=\"qode-bct-caroufredsel-nav-inner\">\n\t\t\t<span class=\"qode-bct-caroufredsel-nav-icon-holder\">\n\t\t\t\t<span class=\"arrow_carrot-right\"><\/span>\n\t\t\t<\/span>\n\t\t<\/span>\n\t<\/a>\n\t<\/div>\n\t\t\t<div class=\"qode-bct-posts-holder\">\n\t\t<div class=\"qode-bct-posts\">\n\t\t\t\t\t\t\t\t\t\t\t\t<div class=\"qode-bct-post\">\n\t\t\t\t\t\t\t\t\t\t\t\t\t<div class=\"qode-bct-post-image\">\n\t\t\t\t\t\t\t\t<a href=\"https:\/\/elxverdaineta.es\/ca\/visita-a-cableworld\/\" itemprop=\"url\">\n\t\t\t\t\t\t\t\t\t<img loading=\"lazy\" decoding=\"async\" width=\"800\" height=\"600\" src=\"https:\/\/elxverdaineta.es\/wp-content\/uploads\/2022\/01\/cableworld.jpg\" class=\"attachment-full size-full wp-post-image\" alt=\"cableworld\" srcset=\"https:\/\/elxverdaineta.es\/wp-content\/uploads\/2022\/01\/cableworld.jpg 800w, https:\/\/elxverdaineta.es\/wp-content\/uploads\/2022\/01\/cableworld-300x225.jpg 300w, https:\/\/elxverdaineta.es\/wp-content\/uploads\/2022\/01\/cableworld-768x576.jpg 768w, https:\/\/elxverdaineta.es\/wp-content\/uploads\/2022\/01\/cableworld-700x525.jpg 700w\" sizes=\"auto, (max-width: 800px) 100vw, 800px\" \/>\t\t\t\t\t\t\t\t<\/a>\n\t\t\t\t\t\t\t<\/div>\n\t\t\t\t\t\t\t\t\t\t\t\t<div class=\"qode-bct-post-text\">\n\t\t\t\t\t\t\t<h3 class=\"qode-bct-post-title entry_title\" itemprop=\"name\">\n\t\t\t\t\t\t\t\t<a href=\"https:\/\/elxverdaineta.es\/ca\/visita-a-cableworld\/\" itemprop=\"url\">Visita a Cableworld<\/a>\n\t\t\t\t\t\t\t<\/h3>\n\t\t\t\t\t\t\t\t\t\t\t\t\t\t<p itemprop=\"description\" class = \"qode-bct-post-excerpt\"> El nostre gerent, Alberto Bleda, ha visitat hui el plat\u00f3 de Cableword per a donar a con\u00e9ixer la campanya que estem impulsant des d&#8217;UTE Elx i l&#8217;Ajuntament d&#8217;Elx &#8211; Ajuntament d&#8217;Elx<\/p>\n\t\t\t\t\t\t\t<div class=\"qode-bct-post-date entry_date updated\" itemprop=\"dateCreated\">\n\t\t\t\t\t\t\t\t22 de febrer de 2022\t\t\t\t\t\t\t\t<meta itemprop=\"interactionCount\" content=\"UserComments: 0\"\/>\n\t\t\t\t\t\t\t<\/div>\n\t\t\t\t\t\t<\/div>\n\t\t\t\t\t<\/div>\n\t\t\t\t\t\t\t\t\t\t\t\t<div class=\"qode-bct-post\">\n\t\t\t\t\t\t\t\t\t\t\t\t\t<div class=\"qode-bct-post-image\">\n\t\t\t\t\t\t\t\t<a href=\"https:\/\/elxverdaineta.es\/ca\/organic-el-nou-contenidor-marro\/\" itemprop=\"url\">\n\t\t\t\t\t\t\t\t\t<img loading=\"lazy\" decoding=\"async\" width=\"800\" height=\"600\" src=\"https:\/\/elxverdaineta.es\/wp-content\/uploads\/2022\/01\/marron.jpg\" class=\"attachment-full size-full wp-post-image\" alt=\"marr\u00f3n\" srcset=\"https:\/\/elxverdaineta.es\/wp-content\/uploads\/2022\/01\/marron.jpg 800w, https:\/\/elxverdaineta.es\/wp-content\/uploads\/2022\/01\/marron-300x225.jpg 300w, https:\/\/elxverdaineta.es\/wp-content\/uploads\/2022\/01\/marron-768x576.jpg 768w, https:\/\/elxverdaineta.es\/wp-content\/uploads\/2022\/01\/marron-700x525.jpg 700w\" sizes=\"auto, (max-width: 800px) 100vw, 800px\" \/>\t\t\t\t\t\t\t\t<\/a>\n\t\t\t\t\t\t\t<\/div>\n\t\t\t\t\t\t\t\t\t\t\t\t<div class=\"qode-bct-post-text\">\n\t\t\t\t\t\t\t<h3 class=\"qode-bct-post-title entry_title\" itemprop=\"name\">\n\t\t\t\t\t\t\t\t<a href=\"https:\/\/elxverdaineta.es\/ca\/organic-el-nou-contenidor-marro\/\" itemprop=\"url\">ORG\u00c0NIC, el nou contenidor marr\u00f3<\/a>\n\t\t\t\t\t\t\t<\/h3>\n\t\t\t\t\t\t\t\t\t\t\t\t\t\t<p itemprop=\"description\" class = \"qode-bct-post-excerpt\"> Coneix a ORG\u00c0NIC, el nou contenidor marr\u00f3 que arriba a Elx!! Des de l&#8217;Ajuntament d&#8217;Elx &#8211; Ajuntament d&#8217;Elx i UTE Elx llancem una nova campanya<\/p>\n\t\t\t\t\t\t\t<div class=\"qode-bct-post-date entry_date updated\" itemprop=\"dateCreated\">\n\t\t\t\t\t\t\t\t22 de febrer de 2022\t\t\t\t\t\t\t\t<meta itemprop=\"interactionCount\" content=\"UserComments: 0\"\/>\n\t\t\t\t\t\t\t<\/div>\n\t\t\t\t\t\t<\/div>\n\t\t\t\t\t<\/div>\n\t\t\t\t\t\t\t\t\t\t\t\t<div class=\"qode-bct-post\">\n\t\t\t\t\t\t\t\t\t\t\t\t\t<div class=\"qode-bct-post-image\">\n\t\t\t\t\t\t\t\t<a href=\"https:\/\/elxverdaineta.es\/ca\/camions-bolquet-gnc\/\" itemprop=\"url\">\n\t\t\t\t\t\t\t\t\t<img loading=\"lazy\" decoding=\"async\" width=\"800\" height=\"600\" src=\"https:\/\/elxverdaineta.es\/wp-content\/uploads\/2022\/01\/volquete.jpg\" class=\"attachment-full size-full wp-post-image\" alt=\"volquete\" srcset=\"https:\/\/elxverdaineta.es\/wp-content\/uploads\/2022\/01\/volquete.jpg 800w, https:\/\/elxverdaineta.es\/wp-content\/uploads\/2022\/01\/volquete-300x225.jpg 300w, https:\/\/elxverdaineta.es\/wp-content\/uploads\/2022\/01\/volquete-768x576.jpg 768w, https:\/\/elxverdaineta.es\/wp-content\/uploads\/2022\/01\/volquete-700x525.jpg 700w\" sizes=\"auto, (max-width: 800px) 100vw, 800px\" \/>\t\t\t\t\t\t\t\t<\/a>\n\t\t\t\t\t\t\t<\/div>\n\t\t\t\t\t\t\t\t\t\t\t\t<div class=\"qode-bct-post-text\">\n\t\t\t\t\t\t\t<h3 class=\"qode-bct-post-title entry_title\" itemprop=\"name\">\n\t\t\t\t\t\t\t\t<a href=\"https:\/\/elxverdaineta.es\/ca\/camions-bolquet-gnc\/\" itemprop=\"url\">Camions bolquet GNC<\/a>\n\t\t\t\t\t\t\t<\/h3>\n\t\t\t\t\t\t\t\t\t\t\t\t\t\t<p itemprop=\"description\" class = \"qode-bct-post-excerpt\"> Entre els 1\ufe0f\u20e32\ufe0f\u20e3 nous vehicles en proves, propulsats a Gas Natural GNC, que hem incorporat a la nostra flota es troben els camions bolquets que realitzen el servei de recollida d&#8217;estris en pedanies.<\/p>\n\t\t\t\t\t\t\t<div class=\"qode-bct-post-date entry_date updated\" itemprop=\"dateCreated\">\n\t\t\t\t\t\t\t\t22 de febrer de 2022\t\t\t\t\t\t\t\t<meta itemprop=\"interactionCount\" content=\"UserComments: 0\"\/>\n\t\t\t\t\t\t\t<\/div>\n\t\t\t\t\t\t<\/div>\n\t\t\t\t\t<\/div>\n\t\t\t\t\t<\/div>\n\t\t<\/div>\n\t<\/div>[\/vc_column][\/vc_row][vc_row css_animation=&#8221;&#8221; row_type=&#8221;row&#8221; use_row_as_full_screen_section=&#8221;no&#8221; type=&#8221;full_width&#8221; angled_section=&#8221;no&#8221; text_align=&#8221;left&#8221; background_image_as_pattern=&#8221;without_pattern&#8221; css=&#8221;.vc_custom_1642521678117{background-color: #f8f8f8 !important;}&#8221; z_index=&#8221;&#8221;][vc_column][qode_elements_holder number_of_columns=&#8221;two_columns&#8221;][qode_elements_holder_item advanced_animations=&#8221;no&#8221; background_color=&#8221;#f8f8f8&#8243; item_padding=&#8221;160px 200px&#8221; item_padding_1280_1440=&#8221;90px&#8221; item_padding_1024_1280=&#8221;80px&#8221; item_padding_768_1024=&#8221;60px&#8221; item_padding_600_768=&#8221;90px&#8221; item_padding_480_600=&#8221;90px 40px&#8221; item_padding_480=&#8221;90px 40px&#8221;][vc_column_text]<\/p>\n<h2>El nostre objectiu<\/h2>\n<p>[\/vc_column_text][vc_empty_space height=&#8221;36px&#8221;][vc_column_text]Millorar cada dia. Eixe \u00e9s l&#8217;objectiu i el comprom\u00eds d&#8217;Elx verda i neta.<\/p>\n<p>A aix\u00f2 \u00e9s necessari sumar la bona disposici\u00f3 i qualificaci\u00f3 de tot l&#8217;equip hum\u00e0 que conforma l&#8217;empresa, conscient que a les seues mans est\u00e0 conservar la imatge d&#8217;Elx com una ciutat neta, organitzada i amb un servei de recollida de residus modern i eficient.<\/p>\n<p>\u00c9s indubtable que per a complir el nostre prop\u00f2sit de millora cont\u00ednua, el paper dels ciutadans \u00e9s clau, amb una actitud responsable enfront del maneig dels residus i de col\u00b7laboraci\u00f3 per a permetre el treball dels nostres operaris.<\/p>\n<p>Gr\u00e0cies per ajudar-nos a millorar i comprometre&#8217;t tamb\u00e9 perqu\u00e8 Elx siga cada dia una ciutat m\u00e9s neta.[\/vc_column_text][vc_empty_space height=&#8221;30px&#8221;][\/qode_elements_holder_item][qode_elements_holder_item cover=&#8221;yes&#8221; vertical_alignment=&#8221;top&#8221; advanced_animations=&#8221;no&#8221; item_padding_600_768=&#8221;250px&#8221; item_padding_480_600=&#8221;200px&#8221; item_padding_480=&#8221;200px&#8221; background_image=&#8221;138&#8243;][\/qode_elements_holder_item][\/qode_elements_holder][\/vc_column][\/vc_row][vc_row css_animation=&#8221;&#8221; row_type=&#8221;row&#8221; use_row_as_full_screen_section=&#8221;no&#8221; type=&#8221;full_width&#8221; angled_section=&#8221;no&#8221; text_align=&#8221;left&#8221; background_image_as_pattern=&#8221;without_pattern&#8221; css=&#8221;.vc_custom_1642521763912{padding-top: 100px !important;padding-bottom: 50px !important;}&#8221; z_index=&#8221;&#8221;][vc_column][vc_column_text]<\/p>\n<h2 class=\"text-center\">Serveis<\/h2>\n<p>[\/vc_column_text][\/vc_column][\/vc_row][vc_row css_animation=&#8221;&#8221; row_type=&#8221;row&#8221; use_row_as_full_screen_section=&#8221;no&#8221; type=&#8221;grid&#8221; angled_section=&#8221;no&#8221; text_align=&#8221;left&#8221; background_image_as_pattern=&#8221;without_pattern&#8221; z_index=&#8221;&#8221;][vc_column width=&#8221;1\/3&#8243; css=&#8221;.vc_custom_1645714247132{margin-top: 50px !important;}&#8221;][vc_single_image image=&#8221;122&#8243; img_size=&#8221;full&#8221; alignment=&#8221;center&#8221; onclick=&#8221;custom_link&#8221; qode_css_animation=&#8221;&#8221; link=&#8221;https:\/\/elxverdaineta.es\/ca\/neteja-viaria\/&#8221;][vc_column_text css=&#8221;.vc_custom_1645545740536{padding-top: 30px !important;padding-bottom: 30px !important;}&#8221;]<\/p>\n<h3 class=\"text-center\"><a href=\"https:\/\/elxverdaineta.es\/ca\/neteja-viaria\/\">Neteja vi\u00e0ria<\/a><\/h3>\n<p>[\/vc_column_text][\/vc_column][vc_column width=&#8221;1\/3&#8243; css=&#8221;.vc_custom_1645714253012{margin-top: 50px !important;}&#8221;][vc_single_image image=&#8221;128&#8243; img_size=&#8221;full&#8221; alignment=&#8221;center&#8221; onclick=&#8221;custom_link&#8221; qode_css_animation=&#8221;&#8221; link=&#8221;https:\/\/elxverdaineta.es\/ca\/reciclatge-envasos\/&#8221;][vc_column_text css=&#8221;.vc_custom_1645545787251{padding-top: 30px !important;padding-bottom: 30px !important;}&#8221;]<\/p>\n<h3 class=\"text-center\"><a href=\"https:\/\/elxverdaineta.es\/ca\/reciclatge-envasos\/\">Reciclatge d&#8217;envasos<br \/>\n<\/a><\/h3>\n<p>[\/vc_column_text][\/vc_column][vc_column width=&#8221;1\/3&#8243; css=&#8221;.vc_custom_1645714279625{padding-top: 50px !important;}&#8221;][vc_single_image image=&#8221;125&#8243; img_size=&#8221;full&#8221; alignment=&#8221;center&#8221; onclick=&#8221;custom_link&#8221; qode_css_animation=&#8221;&#8221; link=&#8221;https:\/\/elxverdaineta.es\/ca\/recollida-paper-i-carto\/&#8221;][vc_column_text css=&#8221;.vc_custom_1645545834342{padding-top: 30px !important;padding-bottom: 30px !important;}&#8221;]<\/p>\n<h3 class=\"text-center\"><a href=\"https:\/\/elxverdaineta.es\/ca\/recollida-paper-i-carto\/\">Paper i cart\u00f3<\/a><\/h3>\n<p>[\/vc_column_text][\/vc_column][\/vc_row][vc_row css_animation=&#8221;&#8221; row_type=&#8221;row&#8221; use_row_as_full_screen_section=&#8221;no&#8221; type=&#8221;grid&#8221; angled_section=&#8221;no&#8221; text_align=&#8221;left&#8221; background_image_as_pattern=&#8221;without_pattern&#8221; css=&#8221;.vc_custom_1645714285569{padding-bottom: 100px !important;}&#8221; z_index=&#8221;&#8221;][vc_column width=&#8221;1\/3&#8243; css=&#8221;.vc_custom_1645714318961{margin-top: 50px !important;}&#8221;][vc_single_image image=&#8221;119&#8243; img_size=&#8221;full&#8221; alignment=&#8221;center&#8221; onclick=&#8221;custom_link&#8221; qode_css_animation=&#8221;&#8221; link=&#8221;https:\/\/elxverdaineta.es\/ca\/recollida-fraccio-resta\/&#8221;][vc_column_text css=&#8221;.vc_custom_1645545936795{padding-top: 30px !important;padding-bottom: 30px !important;}&#8221;]<\/p>\n<h3 class=\"text-center\"><a href=\"https:\/\/elxverdaineta.es\/ca\/recollida-fraccio-resta\/\">Fracci\u00f3 resta<\/a><\/h3>\n<p>[\/vc_column_text][\/vc_column][vc_column width=&#8221;1\/3&#8243; css=&#8221;.vc_custom_1645714309988{margin-top: 50px !important;}&#8221;][vc_single_image image=&#8221;116&#8243; img_size=&#8221;full&#8221; alignment=&#8221;center&#8221; onclick=&#8221;custom_link&#8221; qode_css_animation=&#8221;&#8221; link=&#8221;https:\/\/elxverdaineta.es\/ca\/recollida-fraccio-organica\/&#8221;][vc_column_text css=&#8221;.vc_custom_1645545900845{padding-top: 30px !important;padding-bottom: 30px !important;}&#8221;]<\/p>\n<h3 class=\"text-center\"><a href=\"https:\/\/elxverdaineta.es\/ca\/recollida-fraccio-organica\/\">Fracci\u00f3 org\u00e0nica<\/a><\/h3>\n<p>[\/vc_column_text][\/vc_column][vc_column width=&#8221;1\/3&#8243; css=&#8221;.vc_custom_1645714302429{margin-top: 50px !important;}&#8221;][vc_single_image image=&#8221;131&#8243; img_size=&#8221;full&#8221; alignment=&#8221;center&#8221; onclick=&#8221;custom_link&#8221; qode_css_animation=&#8221;&#8221; link=&#8221;https:\/\/elxverdaineta.es\/ca\/recollida-estris-domestics\/&#8221;][vc_column_text css=&#8221;.vc_custom_1645545971440{padding-top: 30px !important;padding-bottom: 30px !important;}&#8221;]<\/p>\n<h3 class=\"text-center\"><a href=\"https:\/\/elxverdaineta.es\/ca\/recollida-estris-domestics\/\">Estris dom\u00e8stics<\/a><\/h3>\n<p>[\/vc_column_text][\/vc_column][\/vc_row][vc_row css_animation=&#8221;&#8221; row_type=&#8221;row&#8221; use_row_as_full_screen_section=&#8221;no&#8221; type=&#8221;full_width&#8221; angled_section=&#8221;no&#8221; text_align=&#8221;left&#8221; background_image_as_pattern=&#8221;without_pattern&#8221; css=&#8221;.vc_custom_1642521678117{background-color: #f8f8f8 !important;}&#8221; z_index=&#8221;&#8221;][vc_column][qode_elements_holder number_of_columns=&#8221;two_columns&#8221;][qode_elements_holder_item cover=&#8221;yes&#8221; vertical_alignment=&#8221;middle&#8221; horizontal_alignment=&#8221;center&#8221; advanced_animations=&#8221;no&#8221; background_color=&#8221;#f8f8f8&#8243; item_padding_600_768=&#8221;250px&#8221; item_padding_480_600=&#8221;200px&#8221; item_padding_480=&#8221;200px&#8221; background_image=&#8221;226&#8243;][\/qode_elements_holder_item][qode_elements_holder_item vertical_alignment=&#8221;middle&#8221; advanced_animations=&#8221;no&#8221; item_padding_600_768=&#8221;90px&#8221; item_padding_480_600=&#8221;90px 40px&#8221; item_padding_480=&#8221;90px 40px&#8221; item_padding=&#8221;160px 200px&#8221; item_padding_1280_1440=&#8221;90px&#8221; item_padding_1024_1280=&#8221;80px&#8221; item_padding_768_1024=&#8221;60px&#8221;][vc_column_text]<\/p>\n<h2>Uneix-te a l&#8217;equip!<\/h2>\n<p>[\/vc_column_text][vc_empty_space height=&#8221;36px&#8221;][vc_column_text]Per a nosaltres, l&#8217;equip hum\u00e0 \u00e9s clau per a aconseguir els nostres objectius i gaudir d&#8217;una ciutat cada vegada m\u00e9s neta i sostenible.[\/vc_column_text][vc_empty_space height=&#8221;30px&#8221;][vc_empty_space height=&#8221;30px&#8221;]<a  itemprop=\"url\" href=\"https:\/\/elxverdaineta.es\/ca\/treballa-amb-nosaltres\/\" target=\"_self\"  class=\"qbutton  large default\" style=\"\">Uneix-te!<\/a>[\/qode_elements_holder_item][\/qode_elements_holder][\/vc_column][\/vc_row][vc_row css_animation=&#8221;&#8221; row_type=&#8221;row&#8221; use_row_as_full_screen_section=&#8221;no&#8221; type=&#8221;grid&#8221; angled_section=&#8221;no&#8221; text_align=&#8221;left&#8221; background_image_as_pattern=&#8221;without_pattern&#8221; z_index=&#8221;&#8221; css=&#8221;.vc_custom_1642676688728{padding-top: 100px !important;padding-bottom: 100px !important;}&#8221;][vc_column]<div class=\"qode-blog-carousel-titled\" data-posts-shown=\"5\">\n\t<div class=\"qode-bct-title-holder\" style=\"background-color:#ffffff;color:#004987\">\n\t\t<a class=\"qode-bct-caroufredsel-prev\" href=\"#\">\n\t\t\t<span class=\"qode-bct-caroufredsel-nav-inner\">\n\t\t\t\t<span class=\"qode-bct-caroufredsel-nav-icon-holder\">\n\t\t\t\t\t<span class=\"arrow_carrot-left\"><\/span>\n\t\t\t\t<\/span>\n\t\t\t<\/span>\n\t\t<\/a>\n\t\t\t\t\t\t\t\t<h2>\n\t\t\t\t\t\tCampanyes\t\t\t\t\t<\/h2>\n\t\t\t\t<a class=\"qode-bct-caroufredsel-next\" href=\"#\">\n\t\t<span class=\"qode-bct-caroufredsel-nav-inner\">\n\t\t\t<span class=\"qode-bct-caroufredsel-nav-icon-holder\">\n\t\t\t\t<span class=\"arrow_carrot-right\"><\/span>\n\t\t\t<\/span>\n\t\t<\/span>\n\t<\/a>\n\t<\/div>\n\t\t\t<div class=\"qode-bct-posts-holder\">\n\t\t<div class=\"qode-bct-posts\">\n\t\t\t\t\t\t\t\t\t\t\t\t<div class=\"qode-bct-post\">\n\t\t\t\t\t\t\t\t\t\t\t\t\t<div class=\"qode-bct-post-image\">\n\t\t\t\t\t\t\t\t<a href=\"https:\/\/elxverdaineta.es\/ca\/recicla-com-toca\/\" itemprop=\"url\">\n\t\t\t\t\t\t\t\t\t<img loading=\"lazy\" decoding=\"async\" width=\"800\" height=\"600\" src=\"https:\/\/elxverdaineta.es\/wp-content\/uploads\/2022\/01\/recicla-como-toca.jpg\" class=\"attachment-full size-full wp-post-image\" alt=\"recicla como toca\" srcset=\"https:\/\/elxverdaineta.es\/wp-content\/uploads\/2022\/01\/recicla-como-toca.jpg 800w, https:\/\/elxverdaineta.es\/wp-content\/uploads\/2022\/01\/recicla-como-toca-300x225.jpg 300w, https:\/\/elxverdaineta.es\/wp-content\/uploads\/2022\/01\/recicla-como-toca-768x576.jpg 768w, https:\/\/elxverdaineta.es\/wp-content\/uploads\/2022\/01\/recicla-como-toca-700x525.jpg 700w\" sizes=\"auto, (max-width: 800px) 100vw, 800px\" \/>\t\t\t\t\t\t\t\t<\/a>\n\t\t\t\t\t\t\t<\/div>\n\t\t\t\t\t\t\t\t\t\t\t\t<div class=\"qode-bct-post-text\">\n\t\t\t\t\t\t\t<h3 class=\"qode-bct-post-title entry_title\" itemprop=\"name\">\n\t\t\t\t\t\t\t\t<a href=\"https:\/\/elxverdaineta.es\/ca\/recicla-com-toca\/\" itemprop=\"url\">Recicla com toca<\/a>\n\t\t\t\t\t\t\t<\/h3>\n\t\t\t\t\t\t\t\t\t\t\t\t\t\t<p itemprop=\"description\" class = \"qode-bct-post-excerpt\"> <\/p>\n\t\t\t\t\t\t\t<div class=\"qode-bct-post-date entry_date updated\" itemprop=\"dateCreated\">\n\t\t\t\t\t\t\t\t7 de mar\u00e7 de 2022\t\t\t\t\t\t\t\t<meta itemprop=\"interactionCount\" content=\"UserComments: 0\"\/>\n\t\t\t\t\t\t\t<\/div>\n\t\t\t\t\t\t<\/div>\n\t\t\t\t\t<\/div>\n\t\t\t\t\t\t\t\t\t\t\t\t<div class=\"qode-bct-post\">\n\t\t\t\t\t\t\t\t\t\t\t\t\t<div class=\"qode-bct-post-image\">\n\t\t\t\t\t\t\t\t<a href=\"https:\/\/elxverdaineta.es\/ca\/sempre-a-dins\/\" itemprop=\"url\">\n\t\t\t\t\t\t\t\t\t<img loading=\"lazy\" decoding=\"async\" width=\"800\" height=\"600\" src=\"https:\/\/elxverdaineta.es\/wp-content\/uploads\/2022\/01\/siempre-dentro.jpg\" class=\"attachment-full size-full wp-post-image\" alt=\"siempre dentro\" srcset=\"https:\/\/elxverdaineta.es\/wp-content\/uploads\/2022\/01\/siempre-dentro.jpg 800w, https:\/\/elxverdaineta.es\/wp-content\/uploads\/2022\/01\/siempre-dentro-300x225.jpg 300w, https:\/\/elxverdaineta.es\/wp-content\/uploads\/2022\/01\/siempre-dentro-768x576.jpg 768w, https:\/\/elxverdaineta.es\/wp-content\/uploads\/2022\/01\/siempre-dentro-700x525.jpg 700w\" sizes=\"auto, (max-width: 800px) 100vw, 800px\" \/>\t\t\t\t\t\t\t\t<\/a>\n\t\t\t\t\t\t\t<\/div>\n\t\t\t\t\t\t\t\t\t\t\t\t<div class=\"qode-bct-post-text\">\n\t\t\t\t\t\t\t<h3 class=\"qode-bct-post-title entry_title\" itemprop=\"name\">\n\t\t\t\t\t\t\t\t<a href=\"https:\/\/elxverdaineta.es\/ca\/sempre-a-dins\/\" itemprop=\"url\">Sempre a dins<\/a>\n\t\t\t\t\t\t\t<\/h3>\n\t\t\t\t\t\t\t\t\t\t\t\t\t\t<p itemprop=\"description\" class = \"qode-bct-post-excerpt\"> <\/p>\n\t\t\t\t\t\t\t<div class=\"qode-bct-post-date entry_date updated\" itemprop=\"dateCreated\">\n\t\t\t\t\t\t\t\t7 de mar\u00e7 de 2022\t\t\t\t\t\t\t\t<meta itemprop=\"interactionCount\" content=\"UserComments: 0\"\/>\n\t\t\t\t\t\t\t<\/div>\n\t\t\t\t\t\t<\/div>\n\t\t\t\t\t<\/div>\n\t\t\t\t\t\t\t\t\t\t\t\t<div class=\"qode-bct-post\">\n\t\t\t\t\t\t\t\t\t\t\t\t\t<div class=\"qode-bct-post-image\">\n\t\t\t\t\t\t\t\t<a href=\"https:\/\/elxverdaineta.es\/ca\/recull-gratis-la-teua-bossa-compostable\/\" itemprop=\"url\">\n\t\t\t\t\t\t\t\t\t<img loading=\"lazy\" decoding=\"async\" width=\"800\" height=\"600\" src=\"https:\/\/elxverdaineta.es\/wp-content\/uploads\/2022\/01\/contenidor-marro-Elx.jpg\" class=\"attachment-full size-full wp-post-image\" alt=\"contenidor marr\u00f3 Elx\" srcset=\"https:\/\/elxverdaineta.es\/wp-content\/uploads\/2022\/01\/contenidor-marro-Elx.jpg 800w, https:\/\/elxverdaineta.es\/wp-content\/uploads\/2022\/01\/contenidor-marro-Elx-300x225.jpg 300w, https:\/\/elxverdaineta.es\/wp-content\/uploads\/2022\/01\/contenidor-marro-Elx-768x576.jpg 768w, https:\/\/elxverdaineta.es\/wp-content\/uploads\/2022\/01\/contenidor-marro-Elx-700x525.jpg 700w\" sizes=\"auto, (max-width: 800px) 100vw, 800px\" \/>\t\t\t\t\t\t\t\t<\/a>\n\t\t\t\t\t\t\t<\/div>\n\t\t\t\t\t\t\t\t\t\t\t\t<div class=\"qode-bct-post-text\">\n\t\t\t\t\t\t\t<h3 class=\"qode-bct-post-title entry_title\" itemprop=\"name\">\n\t\t\t\t\t\t\t\t<a href=\"https:\/\/elxverdaineta.es\/ca\/recull-gratis-la-teua-bossa-compostable\/\" itemprop=\"url\">Recull gratis la teua bossa compostable<\/a>\n\t\t\t\t\t\t\t<\/h3>\n\t\t\t\t\t\t\t\t\t\t\t\t\t\t<p itemprop=\"description\" class = \"qode-bct-post-excerpt\"> <\/p>\n\t\t\t\t\t\t\t<div class=\"qode-bct-post-date entry_date updated\" itemprop=\"dateCreated\">\n\t\t\t\t\t\t\t\t7 de mar\u00e7 de 2022\t\t\t\t\t\t\t\t<meta itemprop=\"interactionCount\" content=\"UserComments: 0\"\/>\n\t\t\t\t\t\t\t<\/div>\n\t\t\t\t\t\t<\/div>\n\t\t\t\t\t<\/div>\n\t\t\t\t\t<\/div>\n\t\t<\/div>\n\t<\/div>[\/vc_column][\/vc_row]<\/p>\n<\/div>","protected":false},"excerpt":{"rendered":"<p>[vc_row css_animation=&#8221;&#8221; row_type=&#8221;row&#8221; use_row_as_full_screen_section=&#8221;no&#8221; type=&#8221;grid&#8221; angled_section=&#8221;no&#8221; text_align=&#8221;left&#8221; background_image_as_pattern=&#8221;without_pattern&#8221; z_index=&#8221;&#8221; css=&#8221;.vc_custom_1642676688728{padding-top: 100px !important;padding-bottom: 100px !important;}&#8221;][vc_column][\/vc_column][\/vc_row][vc_row css_animation=&#8221;&#8221; row_type=&#8221;row&#8221; use_row_as_full_screen_section=&#8221;no&#8221; type=&#8221;full_width&#8221; angled_section=&#8221;no&#8221; text_align=&#8221;left&#8221; background_image_as_pattern=&#8221;without_pattern&#8221; css=&#8221;.vc_custom_1642521678117{background-color: #f8f8f8 !important;}&#8221; z_index=&#8221;&#8221;][vc_column][qode_elements_holder number_of_columns=&#8221;two_columns&#8221;][qode_elements_holder_item advanced_animations=&#8221;no&#8221; background_color=&#8221;#f8f8f8&#8243; item_padding=&#8221;160px 200px&#8221; item_padding_1280_1440=&#8221;90px&#8221; item_padding_1024_1280=&#8221;80px&#8221; item_padding_768_1024=&#8221;60px&#8221; item_padding_600_768=&#8221;90px&#8221; item_padding_480_600=&#8221;90px 40px&#8221; item_padding_480=&#8221;90px 40px&#8221;][vc_column_text] El nostre objectiu [\/vc_column_text][vc_empty_space height=&#8221;36px&#8221;][vc_column_text]Millorar cada dia&#8230;.<\/p>\n","protected":false},"author":1,"featured_media":0,"parent":0,"menu_order":0,"comment_status":"closed","ping_status":"closed","template":"full_width.php","meta":{"rs_blank_template":"","rs_page_bg_color":"","slide_template_v7":"","footnotes":""},"class_list":["post-472","page","type-page","status-publish","hentry"],"yoast_head":"<!-- This site is optimized with the Yoast SEO plugin v27.4 - https:\/\/yoast.com\/product\/yoast-seo-wordpress\/ -->\n<title>Inici - Elx verda i neta<\/title>\n<meta name=\"robots\" content=\"index, follow, max-snippet:-1, max-image-preview:large, max-video-preview:-1\" \/>\n<link rel=\"canonical\" href=\"https:\/\/elxverdaineta.es\/ca\/\" \/>\n<meta property=\"og:locale\" content=\"ca_ES\" \/>\n<meta property=\"og:type\" content=\"article\" \/>\n<meta property=\"og:title\" content=\"Inici - Elx verda i neta\" \/>\n<meta property=\"og:description\" content=\"[vc_row css_animation=&#8221;&#8221; row_type=&#8221;row&#8221; use_row_as_full_screen_section=&#8221;no&#8221; type=&#8221;grid&#8221; angled_section=&#8221;no&#8221; text_align=&#8221;left&#8221; background_image_as_pattern=&#8221;without_pattern&#8221; z_index=&#8221;&#8221; css=&#8221;.vc_custom_1642676688728{padding-top: 100px !important;padding-bottom: 100px !important;}&#8221;][vc_column][\/vc_column][\/vc_row][vc_row css_animation=&#8221;&#8221; row_type=&#8221;row&#8221; use_row_as_full_screen_section=&#8221;no&#8221; type=&#8221;full_width&#8221; angled_section=&#8221;no&#8221; text_align=&#8221;left&#8221; background_image_as_pattern=&#8221;without_pattern&#8221; css=&#8221;.vc_custom_1642521678117{background-color: #f8f8f8 !important;}&#8221; z_index=&#8221;&#8221;][vc_column][qode_elements_holder number_of_columns=&#8221;two_columns&#8221;][qode_elements_holder_item advanced_animations=&#8221;no&#8221; background_color=&#8221;#f8f8f8&#8243; item_padding=&#8221;160px 200px&#8221; item_padding_1280_1440=&#8221;90px&#8221; item_padding_1024_1280=&#8221;80px&#8221; item_padding_768_1024=&#8221;60px&#8221; item_padding_600_768=&#8221;90px&#8221; item_padding_480_600=&#8221;90px 40px&#8221; item_padding_480=&#8221;90px 40px&#8221;][vc_column_text] El nostre objectiu [\/vc_column_text][vc_empty_space height=&#8221;36px&#8221;][vc_column_text]Millorar cada dia....\" \/>\n<meta property=\"og:url\" content=\"https:\/\/elxverdaineta.es\/ca\/\" \/>\n<meta property=\"og:site_name\" content=\"Elx verda i neta\" \/>\n<meta property=\"article:publisher\" content=\"https:\/\/www.facebook.com\/elxverdaineta\/\" \/>\n<meta property=\"article:modified_time\" content=\"2022-07-18T10:39:06+00:00\" \/>\n<meta name=\"twitter:card\" content=\"summary_large_image\" \/>\n<meta name=\"twitter:site\" content=\"@elxverdaineta\" \/>\n<meta name=\"twitter:label1\" content=\"Temps estimat de lectura\" \/>\n\t<meta name=\"twitter:data1\" content=\"3 minuts\" \/>\n<script type=\"application\/ld+json\" class=\"yoast-schema-graph\">{\"@context\":\"https:\\\/\\\/schema.org\",\"@graph\":[{\"@type\":\"WebPage\",\"@id\":\"https:\\\/\\\/elxverdaineta.es\\\/ca\\\/\",\"url\":\"https:\\\/\\\/elxverdaineta.es\\\/ca\\\/\",\"name\":\"Inici - Elx verda i neta\",\"isPartOf\":{\"@id\":\"https:\\\/\\\/elxverdaineta.es\\\/ca\\\/#website\"},\"datePublished\":\"2022-02-22T16:12:23+00:00\",\"dateModified\":\"2022-07-18T10:39:06+00:00\",\"breadcrumb\":{\"@id\":\"https:\\\/\\\/elxverdaineta.es\\\/ca\\\/#breadcrumb\"},\"inLanguage\":\"ca\",\"potentialAction\":[{\"@type\":\"ReadAction\",\"target\":[\"https:\\\/\\\/elxverdaineta.es\\\/ca\\\/\"]}]},{\"@type\":\"BreadcrumbList\",\"@id\":\"https:\\\/\\\/elxverdaineta.es\\\/ca\\\/#breadcrumb\",\"itemListElement\":[{\"@type\":\"ListItem\",\"position\":1,\"name\":\"Inici\",\"item\":\"https:\\\/\\\/elxverdaineta.es\\\/ca\\\/\"},{\"@type\":\"ListItem\",\"position\":2,\"name\":\"Inici\"}]},{\"@type\":\"WebSite\",\"@id\":\"https:\\\/\\\/elxverdaineta.es\\\/ca\\\/#website\",\"url\":\"https:\\\/\\\/elxverdaineta.es\\\/ca\\\/\",\"name\":\"Elx verda i neta\",\"description\":\"\",\"publisher\":{\"@id\":\"https:\\\/\\\/elxverdaineta.es\\\/ca\\\/#organization\"},\"potentialAction\":[{\"@type\":\"SearchAction\",\"target\":{\"@type\":\"EntryPoint\",\"urlTemplate\":\"https:\\\/\\\/elxverdaineta.es\\\/ca\\\/?s={search_term_string}\"},\"query-input\":{\"@type\":\"PropertyValueSpecification\",\"valueRequired\":true,\"valueName\":\"search_term_string\"}}],\"inLanguage\":\"ca\"},{\"@type\":\"Organization\",\"@id\":\"https:\\\/\\\/elxverdaineta.es\\\/ca\\\/#organization\",\"name\":\"Elx verda i neta\",\"url\":\"https:\\\/\\\/elxverdaineta.es\\\/ca\\\/\",\"logo\":{\"@type\":\"ImageObject\",\"inLanguage\":\"ca\",\"@id\":\"https:\\\/\\\/elxverdaineta.es\\\/ca\\\/#\\\/schema\\\/logo\\\/image\\\/\",\"url\":\"https:\\\/\\\/elxverdaineta.es\\\/wp-content\\\/uploads\\\/2022\\\/01\\\/logo-elx-verda-i-neta.png\",\"contentUrl\":\"https:\\\/\\\/elxverdaineta.es\\\/wp-content\\\/uploads\\\/2022\\\/01\\\/logo-elx-verda-i-neta.png\",\"width\":359,\"height\":264,\"caption\":\"Elx verda i neta\"},\"image\":{\"@id\":\"https:\\\/\\\/elxverdaineta.es\\\/ca\\\/#\\\/schema\\\/logo\\\/image\\\/\"},\"sameAs\":[\"https:\\\/\\\/www.facebook.com\\\/elxverdaineta\\\/\",\"https:\\\/\\\/x.com\\\/elxverdaineta\"]}]}<\/script>\n<!-- \/ Yoast SEO plugin. -->","yoast_head_json":{"title":"Inici - Elx verda i neta","robots":{"index":"index","follow":"follow","max-snippet":"max-snippet:-1","max-image-preview":"max-image-preview:large","max-video-preview":"max-video-preview:-1"},"canonical":"https:\/\/elxverdaineta.es\/ca\/","og_locale":"ca_ES","og_type":"article","og_title":"Inici - Elx verda i neta","og_description":"[vc_row css_animation=&#8221;&#8221; row_type=&#8221;row&#8221; use_row_as_full_screen_section=&#8221;no&#8221; type=&#8221;grid&#8221; angled_section=&#8221;no&#8221; text_align=&#8221;left&#8221; background_image_as_pattern=&#8221;without_pattern&#8221; z_index=&#8221;&#8221; css=&#8221;.vc_custom_1642676688728{padding-top: 100px !important;padding-bottom: 100px !important;}&#8221;][vc_column][\/vc_column][\/vc_row][vc_row css_animation=&#8221;&#8221; row_type=&#8221;row&#8221; use_row_as_full_screen_section=&#8221;no&#8221; type=&#8221;full_width&#8221; angled_section=&#8221;no&#8221; text_align=&#8221;left&#8221; background_image_as_pattern=&#8221;without_pattern&#8221; css=&#8221;.vc_custom_1642521678117{background-color: #f8f8f8 !important;}&#8221; z_index=&#8221;&#8221;][vc_column][qode_elements_holder number_of_columns=&#8221;two_columns&#8221;][qode_elements_holder_item advanced_animations=&#8221;no&#8221; background_color=&#8221;#f8f8f8&#8243; item_padding=&#8221;160px 200px&#8221; item_padding_1280_1440=&#8221;90px&#8221; item_padding_1024_1280=&#8221;80px&#8221; item_padding_768_1024=&#8221;60px&#8221; item_padding_600_768=&#8221;90px&#8221; item_padding_480_600=&#8221;90px 40px&#8221; item_padding_480=&#8221;90px 40px&#8221;][vc_column_text] El nostre objectiu [\/vc_column_text][vc_empty_space height=&#8221;36px&#8221;][vc_column_text]Millorar cada dia....","og_url":"https:\/\/elxverdaineta.es\/ca\/","og_site_name":"Elx verda i neta","article_publisher":"https:\/\/www.facebook.com\/elxverdaineta\/","article_modified_time":"2022-07-18T10:39:06+00:00","twitter_card":"summary_large_image","twitter_site":"@elxverdaineta","twitter_misc":{"Temps estimat de lectura":"3 minuts"},"schema":{"@context":"https:\/\/schema.org","@graph":[{"@type":"WebPage","@id":"https:\/\/elxverdaineta.es\/ca\/","url":"https:\/\/elxverdaineta.es\/ca\/","name":"Inici - Elx verda i neta","isPartOf":{"@id":"https:\/\/elxverdaineta.es\/ca\/#website"},"datePublished":"2022-02-22T16:12:23+00:00","dateModified":"2022-07-18T10:39:06+00:00","breadcrumb":{"@id":"https:\/\/elxverdaineta.es\/ca\/#breadcrumb"},"inLanguage":"ca","potentialAction":[{"@type":"ReadAction","target":["https:\/\/elxverdaineta.es\/ca\/"]}]},{"@type":"BreadcrumbList","@id":"https:\/\/elxverdaineta.es\/ca\/#breadcrumb","itemListElement":[{"@type":"ListItem","position":1,"name":"Inici","item":"https:\/\/elxverdaineta.es\/ca\/"},{"@type":"ListItem","position":2,"name":"Inici"}]},{"@type":"WebSite","@id":"https:\/\/elxverdaineta.es\/ca\/#website","url":"https:\/\/elxverdaineta.es\/ca\/","name":"Elx verda i neta","description":"","publisher":{"@id":"https:\/\/elxverdaineta.es\/ca\/#organization"},"potentialAction":[{"@type":"SearchAction","target":{"@type":"EntryPoint","urlTemplate":"https:\/\/elxverdaineta.es\/ca\/?s={search_term_string}"},"query-input":{"@type":"PropertyValueSpecification","valueRequired":true,"valueName":"search_term_string"}}],"inLanguage":"ca"},{"@type":"Organization","@id":"https:\/\/elxverdaineta.es\/ca\/#organization","name":"Elx verda i neta","url":"https:\/\/elxverdaineta.es\/ca\/","logo":{"@type":"ImageObject","inLanguage":"ca","@id":"https:\/\/elxverdaineta.es\/ca\/#\/schema\/logo\/image\/","url":"https:\/\/elxverdaineta.es\/wp-content\/uploads\/2022\/01\/logo-elx-verda-i-neta.png","contentUrl":"https:\/\/elxverdaineta.es\/wp-content\/uploads\/2022\/01\/logo-elx-verda-i-neta.png","width":359,"height":264,"caption":"Elx verda i neta"},"image":{"@id":"https:\/\/elxverdaineta.es\/ca\/#\/schema\/logo\/image\/"},"sameAs":["https:\/\/www.facebook.com\/elxverdaineta\/","https:\/\/x.com\/elxverdaineta"]}]}},"_links":{"self":[{"href":"https:\/\/elxverdaineta.es\/ca\/wp-json\/wp\/v2\/pages\/472","targetHints":{"allow":["GET"]}}],"collection":[{"href":"https:\/\/elxverdaineta.es\/ca\/wp-json\/wp\/v2\/pages"}],"about":[{"href":"https:\/\/elxverdaineta.es\/ca\/wp-json\/wp\/v2\/types\/page"}],"author":[{"embeddable":true,"href":"https:\/\/elxverdaineta.es\/ca\/wp-json\/wp\/v2\/users\/1"}],"replies":[{"embeddable":true,"href":"https:\/\/elxverdaineta.es\/ca\/wp-json\/wp\/v2\/comments?post=472"}],"version-history":[{"count":10,"href":"https:\/\/elxverdaineta.es\/ca\/wp-json\/wp\/v2\/pages\/472\/revisions"}],"predecessor-version":[{"id":849,"href":"https:\/\/elxverdaineta.es\/ca\/wp-json\/wp\/v2\/pages\/472\/revisions\/849"}],"wp:attachment":[{"href":"https:\/\/elxverdaineta.es\/ca\/wp-json\/wp\/v2\/media?parent=472"}],"curies":[{"name":"wp","href":"https:\/\/api.w.org\/{rel}","templated":true}]}}